{"id":397,"date":"2024-08-06T11:32:22","date_gmt":"2024-08-06T09:32:22","guid":{"rendered":"https:\/\/afmb35.org\/?page_id=397"},"modified":"2025-02-18T23:45:45","modified_gmt":"2025-02-18T22:45:45","slug":"qui-sommes-nous","status":"publish","type":"page","link":"https:\/\/afmb35.org\/index.php\/qui-sommes-nous\/","title":{"rendered":"Qui sommes-nous"},"content":{"rendered":"\n<figure class=\"wp-block-image aligncenter size-large is-resized is-style-default\"><img loading=\"lazy\" decoding=\"async\" width=\"1024\" height=\"580\" src=\"https:\/\/afmb35.org\/wp-content\/uploads\/2024\/08\/Revision-logo-AFMB35ver-2-trans-Blanc-1-1024x580.png\" alt=\"\" class=\"wp-image-196\" style=\"width:241px;height:auto\" srcset=\"https:\/\/afmb35.org\/wp-content\/uploads\/2024\/08\/Revision-logo-AFMB35ver-2-trans-Blanc-1-1024x580.png 1024w, https:\/\/afmb35.org\/wp-content\/uploads\/2024\/08\/Revision-logo-AFMB35ver-2-trans-Blanc-1-300x170.png 300w, https:\/\/afmb35.org\/wp-content\/uploads\/2024\/08\/Revision-logo-AFMB35ver-2-trans-Blanc-1-768x435.png 768w, https:\/\/afmb35.org\/wp-content\/uploads\/2024\/08\/Revision-logo-AFMB35ver-2-trans-Blanc-1.png 1445w\" sizes=\"auto, (max-width: 1024px) 100vw, 1024px\" \/><\/figure>\n\n\n\n<div style=\"background-image:url(&apos;https:\/\/afmb35.org\/wp-content\/uploads\/2024\/08\/20230826_web.jpg&apos;);background-position:48% 64%;background-size:cover;\" class=\"wp-block-group is-layout-constrained wp-block-group-is-layout-constrained has-background\">\n<h1 class=\"wp-block-heading has-text-align-center has-white-color has-text-color has-link-color wp-elements-1277adfd8a4061491e4cc3207a3e80d2\" style=\"font-size:42px\">Qui sommes nous ?<\/h1>\n<\/div>\n\n\n\n<div class=\"wp-block-columns has-ast-global-color-7-background-color has-background is-layout-flex wp-container-core-columns-is-layout-28f84493 wp-block-columns-is-layout-flex\">\n<div class=\"wp-block-column is-layout-flow wp-block-column-is-layout-flow\" style=\"flex-basis:100%\">\n<div class=\"wp-block-group has-ast-global-color-7-background-color has-background is-layout-constrained wp-block-group-is-layout-constrained\">\n<p class=\"has-black-color has-text-color has-link-color wp-elements-27663828a323e82e7c8ee534c99050fb\" style=\"font-size:24px\">La <strong>Maison de la Francophonie de Bretagne<\/strong>, \u00e0 Saint-Malo, &nbsp;est une association d\u00e9di\u00e9e \u00e0 la promotion de la langue fran\u00e7aise, de la francophonie et de ses valeurs. Sa cr\u00e9ation remonte au d\u00e9but des ann\u00e9es 2015, avec l\u2019association CIFGO (Cercle International de la Francophonie du Grand Ouest) \u00e0 l\u2019initiative de Jean-Claude Weisz, pr\u00e9sident fondateur, entour\u00e9 d\u2019une \u00e9quipe soud\u00e9e par son exp\u00e9rience des mouvements associatifs internationaux. <\/p>\n\n\n\n<p class=\"has-black-color has-text-color has-link-color wp-elements-f4097d5ef4fb8ed9ab2801ef2fd91ffc\" style=\"font-size:24px\">Apolitique, non confessionnelle et ind\u00e9pendante, notre association souscrit aux valeurs historiques de la francophonie telles que la d\u00e9mocratie, l\u2019\u00e9ducation, le progr\u00e8s social, le d\u00e9veloppement par la coop\u00e9ration et les partenariats multilat\u00e9raux.<\/p>\n\n\n\n<p class=\"has-black-color has-text-color has-link-color wp-elements-6fcbada00f1f5ae47c56ddb018d65d51\" style=\"font-size:24px\">La Maison de la Francophonie de Bretagne se d\u00e9veloppe au contact d\u2019associations travaillant sur le m\u00eame th\u00e8me et, apr\u00e8s plusieurs ann\u00e9es de partage d\u2019exp\u00e9riences, le premier <a href=\"https:\/\/www.facebook.com\/ReseauInternationaldesMaisonsdesFrancophonies\/\" target=\"_blank\" rel=\"noreferrer noopener\">R\u00e9seau National des Maisons des Francophonies<\/a> a \u00e9t\u00e9 cr\u00e9\u00e9.&nbsp;<\/p>\n\n\n\n<p class=\"has-black-color has-text-color has-link-color wp-elements-be87571933dd5b81bfd19ddd69e57efe\" style=\"font-size:24px\">Ce r\u00e9seau fran\u00e7ais fait partie du RIMF, R\u00e9seau International des Maisons des Francophonies, nous reliant ainsi aux organisations majeures et instances francophones telles que l\u2019<a href=\"https:\/\/www.francophonie.org\/\" target=\"_blank\" rel=\"noreferrer noopener\">Organisation Internationale de la Francophonie (OIF)<\/a><\/p>\n\n\n\n<p class=\"has-text-align-center has-text-color has-link-color wp-elements-068de0641ba758c4a24cb1d1bf4b17f6\" style=\"color:#006db6;font-size:24px\"><strong>Des engagements pour atteindre ses objectifs&nbsp;:<\/strong><\/p>\n\n\n\n<p class=\"has-black-color has-text-color has-link-color wp-elements-34729cdb9065d6e20d8fb7b5f41dc710\" style=\"font-size:24px\">Mettre tout en \u0153uvre par tous les moyens d\u2019information et d\u2019animation (s\u00e9minaires, congr\u00e8s, conf\u00e9rences, expositions, spectacles artistiques, toutes autres activit\u00e9s ou rencontres favorables \u00e0 l\u2019expansion de la francophonie, etc.) consid\u00e9r\u00e9s comme un facteur essentiel de la compr\u00e9hension et de la solidarit\u00e9 entre tous les peuples du monde.<\/p>\n<\/div>\n<\/div>\n<\/div>\n\n\n\n<p><\/p>\n","protected":false},"excerpt":{"rendered":"<p>Qui sommes nous ? La Maison de la Francophonie de Bretagne, \u00e0 Saint-Malo, &nbsp;est une association d\u00e9di\u00e9e \u00e0 la promotion de la langue fran\u00e7aise, de la francophonie et de ses [&hellip;]<\/p>\n","protected":false},"author":2,"featured_media":183,"parent":0,"menu_order":0,"comment_status":"closed","ping_status":"closed","template":"","meta":{"_uag_custom_page_level_css":"","site-sidebar-layout":"default","site-content-layout":"","ast-site-content-layout":"default","site-content-style":"default","site-sidebar-style":"default","ast-global-header-display":"","ast-banner-title-visibility":"","ast-main-header-display":"","ast-hfb-above-header-display":"","ast-hfb-below-header-display":"","ast-hfb-mobile-header-display":"","site-post-title":"disabled","ast-breadcrumbs-content":"","ast-featured-img":"","footer-sml-layout":"","ast-disable-related-posts":"","theme-transparent-header-meta":"","adv-header-id-meta":"","stick-header-meta":"","header-above-stick-meta":"","header-main-stick-meta":"","header-below-stick-meta":"","astra-migrate-meta-layouts":"default","ast-page-background-enabled":"default","ast-page-background-meta":{"desktop":{"background-color":"var(--ast-global-color-4)","background-image":"","background-repeat":"repeat","background-position":"center center","background-size":"auto","background-attachment":"scroll","background-type":"","background-media":"","overlay-type":"","overlay-color":"","overlay-opacity":"","overlay-gradient":""},"tablet":{"background-color":"","background-image":"","background-repeat":"repeat","background-position":"center center","background-size":"auto","background-attachment":"scroll","background-type":"","background-media":"","overlay-type":"","overlay-color":"","overlay-opacity":"","overlay-gradient":""},"mobile":{"background-color":"","background-image":"","background-repeat":"repeat","background-position":"center center","background-size":"auto","background-attachment":"scroll","background-type":"","background-media":"","overlay-type":"","overlay-color":"","overlay-opacity":"","overlay-gradient":""}},"ast-content-background-meta":{"desktop":{"background-color":"var(--ast-global-color-5)","background-image":"","background-repeat":"repeat","background-position":"center center","background-size":"auto","background-attachment":"scroll","background-type":"","background-media":"","overlay-type":"","overlay-color":"","overlay-opacity":"","overlay-gradient":""},"tablet":{"background-color":"var(--ast-global-color-5)","background-image":"","background-repeat":"repeat","background-position":"center center","background-size":"auto","background-attachment":"scroll","background-type":"","background-media":"","overlay-type":"","overlay-color":"","overlay-opacity":"","overlay-gradient":""},"mobile":{"background-color":"var(--ast-global-color-5)","background-image":"","background-repeat":"repeat","background-position":"center center","background-size":"auto","background-attachment":"scroll","background-type":"","background-media":"","overlay-type":"","overlay-color":"","overlay-opacity":"","overlay-gradient":""}},"footnotes":""},"class_list":["post-397","page","type-page","status-publish","has-post-thumbnail","hentry"],"uagb_featured_image_src":{"full":["https:\/\/afmb35.org\/wp-content\/uploads\/2024\/08\/cropped-logo-AFMB35-512-512-1.png",512,512,false],"thumbnail":["https:\/\/afmb35.org\/wp-content\/uploads\/2024\/08\/cropped-logo-AFMB35-512-512-1-150x150.png",150,150,true],"medium":["https:\/\/afmb35.org\/wp-content\/uploads\/2024\/08\/cropped-logo-AFMB35-512-512-1-300x300.png",300,300,true],"medium_large":["https:\/\/afmb35.org\/wp-content\/uploads\/2024\/08\/cropped-logo-AFMB35-512-512-1.png",512,512,false],"large":["https:\/\/afmb35.org\/wp-content\/uploads\/2024\/08\/cropped-logo-AFMB35-512-512-1.png",512,512,false],"1536x1536":["https:\/\/afmb35.org\/wp-content\/uploads\/2024\/08\/cropped-logo-AFMB35-512-512-1.png",512,512,false],"2048x2048":["https:\/\/afmb35.org\/wp-content\/uploads\/2024\/08\/cropped-logo-AFMB35-512-512-1.png",512,512,false]},"uagb_author_info":{"display_name":"Jean-Luc VILLETTE","author_link":"https:\/\/afmb35.org\/author\/jean-luc\/"},"uagb_comment_info":0,"uagb_excerpt":"Qui sommes nous ? La Maison de la Francophonie de Bretagne, \u00e0 Saint-Malo, &nbsp;est une association d\u00e9di\u00e9e \u00e0 la promotion de la langue fran\u00e7aise, de la francophonie et de ses [&hellip;]","_links":{"self":[{"href":"https:\/\/afmb35.org\/index.php\/wp-json\/wp\/v2\/pages\/397","targetHints":{"allow":["GET"]}}],"collection":[{"href":"https:\/\/afmb35.org\/index.php\/wp-json\/wp\/v2\/pages"}],"about":[{"href":"https:\/\/afmb35.org\/index.php\/wp-json\/wp\/v2\/types\/page"}],"author":[{"embeddable":true,"href":"https:\/\/afmb35.org\/index.php\/wp-json\/wp\/v2\/users\/2"}],"replies":[{"embeddable":true,"href":"https:\/\/afmb35.org\/index.php\/wp-json\/wp\/v2\/comments?post=397"}],"version-history":[{"count":7,"href":"https:\/\/afmb35.org\/index.php\/wp-json\/wp\/v2\/pages\/397\/revisions"}],"predecessor-version":[{"id":1274,"href":"https:\/\/afmb35.org\/index.php\/wp-json\/wp\/v2\/pages\/397\/revisions\/1274"}],"wp:featuredmedia":[{"embeddable":true,"href":"https:\/\/afmb35.org\/index.php\/wp-json\/wp\/v2\/media\/183"}],"wp:attachment":[{"href":"https:\/\/afmb35.org\/index.php\/wp-json\/wp\/v2\/media?parent=397"}],"curies":[{"name":"wp","href":"https:\/\/api.w.org\/{rel}","templated":true}]}}